{"id":1192,"date":"2021-06-09T15:17:36","date_gmt":"2021-06-09T15:17:36","guid":{"rendered":"https:\/\/tenutacasacima.com\/unsere-haeuser\/konditionen-und-preise\/"},"modified":"2025-08-11T08:47:43","modified_gmt":"2025-08-11T08:47:43","slug":"konditionen-und-preise","status":"publish","type":"page","link":"https:\/\/tenutacasacima.com\/de\/unser-haus\/konditionen-und-preise\/","title":{"rendered":"Konditionen und Preise"},"content":{"rendered":"<!--themify_builder_content-->\n<div id=\"themify_builder_content-1192\" data-postid=\"1192\" class=\"themify_builder_content themify_builder_content-1192 themify_builder tf_clear\">\n                    <div  data-anchor=\"konditionen\" data-css_id=\"slol705\" data-lazy=\"1\" class=\"module_row themify_builder_row fullheight fullwidth_row_container tb_has_section tb_section-konditionen tb_slol705 tb_first tf_w\">\n            <span  class=\"builder_row_cover tf_abs\" data-lazy=\"1\"><\/span>            <div class=\"row_inner col_align_top tb_col_count_1 tf_box tf_rel\">\n                        <div  data-lazy=\"1\" class=\"module_column tb-column col-full tb_4n46705 first\">\n                    <!-- module text -->\n<div  class=\"module module-text tb_pjq8750   \" data-lazy=\"1\">\n        <div  class=\"tb_text_wrap\">\n        <h2 style=\"text-align: center;\">Konditionen &amp; Preise<\/h2>\n<h5 style=\"text-align: center;\">Mieten Sie unser Haus<\/h5>    <\/div>\n<\/div>\n<!-- \/module text --><!-- module buttons -->\n<div  class=\"module module-buttons tb_60nu959 buttons-horizontal outline  large\" data-lazy=\"1\">\n        <div class=\"module-buttons-item tf_in_flx\">\n                        <a href=\"#hausordnung\" class=\"ui builder_button tf_in_flx tb_default_color\" >\n                                                Hausordnung &amp; Infos                                        <\/a>\n                <\/div>\n            <\/div>\n<!-- \/module buttons -->\n        <\/div>\n                        <\/div>\n        <\/div>\n                        <div  data-anchor=\"conditions\" data-hide-anchor=\"1\" data-lazy=\"1\" class=\"module_row themify_builder_row tb_has_section tb_section-conditions tb_3wqa003 tf_w\">\n                        <div class=\"row_inner col_align_top tb_col_count_1 tf_box tf_rel\">\n                        <div  data-lazy=\"1\" class=\"module_column tb-column col-full tb_4z5g399 first\">\n                    <!-- module text -->\n<div  class=\"module module-text tb_6t1j620   \" data-lazy=\"1\">\n        <div  class=\"tb_text_wrap\">\n        <p><strong>Status:<\/strong> 28. April 2026<\/p>    <\/div>\n<\/div>\n<!-- \/module text -->        <div  data-lazy=\"1\" class=\"module_subrow themify_builder_sub_row tf_w col_align_top tb_col_count_1 tb_5sri008\">\n                <div  data-lazy=\"1\" class=\"module_column sub_column col-full tb_hs5o000 first\">\n                    <!-- module text -->\n<div  class=\"module module-text tb_lxgz010   \" data-lazy=\"1\">\n        <div  class=\"tb_text_wrap\">\n        <h3><strong>Allgemeine Mietbedingungen \/ <\/strong><strong>Superior und Deluxe<\/strong>\u00a0<b>Ausstattung<\/b><\/h3>\n<ul>\n<li>Mindestmietdauer von 4 Tagen<\/li>\n<\/ul>\n<h3><strong>Zahlung | Stornierung | AGB<\/strong><\/h3>\n<ul>\n<li>Der Gesamtbetrag muss bei der Best\u00e4tigung der Reservierung bezahlt werden.<strong><br><\/strong><strong>F\u00fcr EU-B\u00fcrger. Sie k\u00f6nnen auch in EUR bezahlen.<\/strong><\/li>\n<\/ul>\n<ul>\n<li>Stornierungen oder Nichterscheinen werden generell nicht erstattet. Wenn das Mietobjekt im Falle einer Stornierung wieder vermietet werden kann, werden 80 % des Gesamtbetrags nach Ablauf der Reservierungsdaten zur\u00fcckerstattet. <strong><em>Wir empfehlen Ihnen, eine Reiser\u00fccktrittsversicherung abzuschlie\u00dfen.<br><\/em><\/strong><\/li>\n<\/ul>\n<p><strong>Hinweis:<\/strong> <strong>Schlechtwetter (z.\u202fB. anhaltender Regen) berechtigt nicht zu einer kurzfristigen, kostenlosen Stornierung oder R\u00fcckverg\u00fctung. Wir bitten um Verst\u00e4ndnis, dass Wetterbedingungen ausserhalb unseres Einflussbereichs liegen und keinen Anspruch auf eine R\u00fcckerstattung darstellen.<\/strong><\/p>\n<ul>\n<li>Was die beh\u00f6rdlichen Beschr\u00e4nkungen w\u00e4hrend einer <strong>Pandemie<\/strong> betrifft, so werden die Mietkosten vollst\u00e4ndig erstattet, wenn die Schweizer Beh\u00f6rden unseren Betrieb schlie\u00dfen. Alle anderen Einschr\u00e4nkungen, die einen Aufenthalt verhindern (z.B. Reisebeschr\u00e4nkungen), sind vom Mieter selbst zu tragen bzw. zu versichern.\u00a0Coronavirus\u00a0<a href=\"https:\/\/www.bag.admin.ch\/bag\/de\/home\/krankheiten\/ausbrueche-epidemien-pandemien\/aktuelle-ausbrueche-epidemien\/novel-cov\/empfehlungen-fuer-reisende.html\" target=\"_blank\" rel=\"noopener\">BAG Einreise Schweiz<\/a><\/li>\n<\/ul>\n<p><strong>*Bei Buchungen von 14 Tagen oder mehr wird am Samstag nach der ersten Woche eine Zwischenreinigung durchgef\u00fchrt und die Bettw\u00e4sche gewechselt. Zus\u00e4tzliche Kosten siehe Preis Endreinigung.<\/strong><\/p>\n<p>*Mit einer definitiven Buchungsbest\u00e4tigung Ihrerseits und mti der Bezahlung Ihrer Buchung <strong>akzeptieren Sie als &#8220;Gast&#8221; unsere allgemeinen Gesch\u00e4ftsbedingungen.<br><br><\/strong><\/p>\n<h3><strong>Anmerkungen \/ H\u00f6here Gewalt<\/strong><\/h3>\n<ul>\n<li>Unser Haus Deluxe Bellavista liegt in einer Vorgebirgsregion. Es kann daher sehr selten vorkommen, dass witterungsbedingt die Versorgung mit Wasser oder Strom sowie der Betrieb der Seilbahn kurzzeitig unterbrochen wird. Wir k\u00f6nnen nicht f\u00fcr die Erstattung dieser Kosten verantwortlich oder haftbar gemacht werden.<\/li>\n<li><strong data-start=\"10\" data-end=\"22\">Seilbahn<\/strong><br data-start=\"22\" data-end=\"25\">In den hei\u00dfen Sommermonaten kann die Hitze den Betrieb der Seilbahn beeintr\u00e4chtigen und zu vor\u00fcbergehenden Ausf\u00e4llen f\u00fchren. Wir bitten um Ihr Verst\u00e4ndnis, k\u00f6nnen hierf\u00fcr jedoch keine Haftung \u00fcbernehmen und stehen diesbez\u00fcglich in regelm\u00e4\u00dfigem Austausch mit unserem Techniker. Sollte die Seilbahn au\u00dfer Betrieb sein, ist die Tenuta Casa Cima \u00fcber eine Gemeindestra\u00dfe erreichbar, die zu unserem Anwesen hinauff\u00fchrt. Fahren Sie dazu nach: <a href=\"https:\/\/www.google.com\/maps\/dir\/\/Via+Costa+Piatta,+6515+Gudo\/@46.176965,8.937849,16z\/data=!4m9!4m8!1m0!1m5!1m1!1s0x4785b54d69cca743:0x393d0e8c5acdbc75!2m2!1d8.9400364!2d46.1769662!3e0?hl=de&amp;entry=ttu&amp;g_ep=EgoyMDI1MDgwNi4wIKXMDSoASAFQAw%3D%3D\" target=\"_blank\" rel=\"noopener\"><strong>Via Costa Piatta, 6515 Gudo<\/strong> <\/a>(bis zum Ende der Stra\u00dfe \u2013 siehe Wegbeschreibung unten). Pro Ferienhaus steht ein Parkplatz zur Verf\u00fcgung. Von dort sind es etwa 8 Gehminuten durch unsere Weinberge. <a href=\"https:\/\/tenutacasacima.com\/de\/seilbahn-wichtige-infos\/\" target=\"_blank\" rel=\"noopener\">Bitte lesen Sie die Informationen hier und nutzen Sie Ihr GPS.<\/a><\/li>\n<\/ul>\n<h3><strong>Vorbehalt\/G\u00fcltigkeit<\/strong><\/h3>\n<ul>\n<li>F\u00fcr eine Online-Buchungsanfrage verwenden Sie bitte unser Formular oder eine der Buchungsplattformen. Wir werden Sie so schnell wie m\u00f6glich kontaktieren. Bitte beachten Sie, dass die Reservierung erst dann g\u00fcltig ist, wenn Sie eine Best\u00e4tigung von uns erhalten haben.\u00a0<\/li>\n<\/ul>\n<h3><strong>Zahlungsmodule<\/strong><\/h3>\n<p>Via Banktransfer, Kreditkarte, PayPal.<\/p>\n<p>Wenn die Zahlung innerhalb von 3 Werktagen eingegangen ist, ist Ihre Reservierung best\u00e4tigt.<br>Andernfalls ist die Reservierung ung\u00fcltig.<\/p>\n<p><img loading=\"lazy\" decoding=\"async\" class=\"alignleft wp-image-2131 size-medium\" src=\"https:\/\/tenutacasacima.com\/wp-content\/uploads\/2021\/09\/stripe_papypal_twint_payment-300x42.jpg\" alt=\"\" width=\"300\" height=\"42\" srcset=\"https:\/\/tenutacasacima.com\/wp-content\/uploads\/2021\/09\/stripe_papypal_twint_payment-300x42.jpg 300w, https:\/\/tenutacasacima.com\/wp-content\/uploads\/2021\/09\/stripe_papypal_twint_payment-1024x145.jpg 1024w, https:\/\/tenutacasacima.com\/wp-content\/uploads\/2021\/09\/stripe_papypal_twint_payment-768x109.jpg 768w, https:\/\/tenutacasacima.com\/wp-content\/uploads\/2021\/09\/stripe_papypal_twint_payment.jpg 1267w\" sizes=\"auto, (max-width: 300px) 100vw, 300px\" \/>Wenn Sie mit <strong>Kreditkarte oder PayPal<\/strong> bezahlen m\u00f6chten, wird ein Aufschlag von <strong>3,5 %<\/strong> berechnet. Bei <strong>Twint<\/strong> wird ein Aufschlag von <strong>1,3 %<\/strong> erhoben. Twint-Zahlungen sind nur f\u00fcr die Schweiz g\u00fcltig. Bitte informieren Sie uns bei Ihrer Reservierung \u00fcber diesen Zahlungswunsch. Wir werden Ihnen nach der Vereinbarung eine Rechnung per Post zusenden.<\/p>\n<h3><strong>Checkin\/Checkout<\/strong>:<\/h3>\n<p><strong>Check-In Information: Die Check-in-Zeit teilen wir Ihnen nach Absprache mit unseren Mitarbeitern mit.<br>Das Check-Out: Selbst-Checkout bis 10 Uhr. Wir informieren Sie beim Check-In \u00fcber das Vorgehen.<br><br><\/strong><\/p>    <\/div>\n<\/div>\n<!-- \/module text -->        <\/div>\n                    <\/div>\n                <\/div>\n                        <\/div>\n        <\/div>\n                        <div  data-parallax-bg=\"desktop\" data-lazy=\"1\" class=\"module_row themify_builder_row fullheight tb_4af5fe7 tf_w\">\n            <span  class=\"builder_row_cover tf_abs\" data-lazy=\"1\"><\/span>            <div class=\"row_inner col_align_top tb_col_count_1 tf_box tf_rel\">\n                        <div  data-lazy=\"1\" class=\"module_column tb-column col-full tb_acf9be9 first\">\n                    <!-- module text -->\n<div  class=\"module module-text tb_2c57123   \" data-lazy=\"1\">\n        <div  class=\"tb_text_wrap\">\n        <h2>Superior ausstattung<\/h2>    <\/div>\n<\/div>\n<!-- \/module text --><!-- module divider -->\n<div  class=\"module tf_mw module-divider tb_95dd372 solid  divider-custom divider-center\" style=\"border-width: 1px;border-color: rgba(255,255,255, 0.35);margin-bottom: 31px;max-width: 102px;\" data-lazy=\"1\">\n    <\/div>\n<!-- \/module divider -->\n<!-- module text -->\n<div  class=\"module module-text tb_6dd4418   \" data-lazy=\"1\">\n        <div  class=\"tb_text_wrap\">\n        <p>PREIS<\/p>    <\/div>\n<\/div>\n<!-- \/module text --><!-- module icon -->\n<div  class=\"module module-icon tb_31126db   none icon_horizontal  hover-wow wow\" data-tf-animation_hover=\"fadeIn\" data-tf-animation=\"fadeInDown\" data-tf-animation_repeat=\"9999\" data-lazy=\"1\">\n\t\t\t<div class=\"module-icon-item\">\n\t\t\t\t\t\t\t<a href=\"#graa-preis\">\n\t\t\t\t\t\t\t\t\t\t\t\t\t\t\t\t\t<em class=\"tf_box\"\n\t\t\t\t\t\t\t\t\t\t\t\t\t\t\t\t\t><svg  class=\"tf_fa tf-ti-angle-double-down\" xmlns:xlink=\"http:\/\/www.w3.org\/1999\/xlink\" aria-hidden=\"true\"><use href=\"#tf-ti-angle-double-down\" xlink:href=\"#tf-ti-angle-double-down\"><\/use><\/svg><\/em>\n\t\t\t\t\t\t\t\t\t\t\t\t\t\t\t\t<\/a>\n\t\t\t\t\t<\/div>\n\t<\/div>\n<!-- \/module icon -->\n        <\/div>\n                        <\/div>\n        <\/div>\n                        <div  data-lazy=\"1\" class=\"module_row themify_builder_row tb_e2c34a6 tf_w\">\n                        <div class=\"row_inner col_align_top tb_col_count_2 tf_box tf_rel\">\n                        <div  data-lazy=\"1\" class=\"module_column tb-column col3-1 tb_0ce41d1 first\">\n                    <!-- module text -->\n<div  class=\"module module-text tb_x4xq851   \" data-lazy=\"1\">\n        <div  class=\"tb_text_wrap\">\n        <h2>\u00dcber Uns<\/h2>    <\/div>\n<\/div>\n<!-- \/module text -->        <\/div>\n                    <div  data-lazy=\"1\" class=\"module_column tb-column col3-2 tb_8796d63 last\">\n                    <!-- module text -->\n<div  class=\"module module-text tb_fb3b383   \" data-lazy=\"1\">\n        <div  class=\"tb_text_wrap\">\n        <h3>SUPERIOR AUSSTATTUNG | 4 Personen<\/h3>\n<p><b>Superior<\/b> auf der Tenuta Casa Cima bietet ein typisches rustikales Haus im Tessiner Stil im Dorf Gudo-Bellinzona. Von der Talstation unserer Seilbahn erreichen Sie unser Paradies in weniger als 4 Minuten. Rufen Sie uns bei Ankunft an, wir holen Sie an der Talstation ab. Die Tenuta Casa Cima ist von Weinbergen umgeben, die ebenfalls zur Stiftung geh\u00f6ren. Das gesamte Grundst\u00fcck hat eine Gr\u00f6\u00dfe von <strong>80.000m\u00b2<\/strong><strong>. <\/strong>Dank des Mikroklimas wachsen hier Palmen, Kiwis, Zitronen und viele andere Pflanzen und Fr\u00fcchte, die in der Nordschweiz nie wachsen w\u00fcrden. Wir haben unsere Weinberge an die Kellerei Stucky H\u00fcgin verpachtet. Einer der besten Rotweine der Region stammt aus unseren Trauben. <a href=\"https:\/\/cantinestuckyhuegin.ch\/cms\/de\/weine\/rotwein\/23-tracce-di-sassi-rotwein\">&#8220;Tracce di Sassi&#8221;<\/a><\/p>\n<p><strong>Ganzes Haus<\/strong> (Superior) mit 2 Schlafzimmern (4 Betten), einem Zimmer mit Etagenbett, Dusche, WC, Wohn-\/Esszimmer (mit Kamin), K\u00fcche, Sitzecke, Parkplatz. <a href=\"https:\/\/tenutacasacima.com\/de\/unser-haus\/\" target=\"_blank\" rel=\"noopener\">Jetzt Buchen!<\/a><\/p>    <\/div>\n<\/div>\n<!-- \/module text --><!-- module image -->\n<div  class=\"module module-image tb_847e188 image-center   tf_mw\" data-lazy=\"1\" id=\"graa-price\">\n        <div class=\"image-wrap tf_rel tf_mw\">\n            <img loading=\"lazy\" decoding=\"async\" src=\"https:\/\/tenutacasacima.com\/wp-content\/uploads\/2021\/06\/casa_graa_tenuta_casa_cima_0001-1024x576-750x421.jpg\" width=\"750\" height=\"421\" class=\"wp-post-image wp-image-1270\" title=\"Casa Graa, Superior, Tenuta Casa Cima\" alt=\"Casa Graa, Superior, Tenuta Casa Cima\" srcset=\"https:\/\/tenutacasacima.com\/wp-content\/uploads\/2021\/06\/casa_graa_tenuta_casa_cima_0001-1024x576-750x421.jpg 750w, https:\/\/tenutacasacima.com\/wp-content\/uploads\/2021\/06\/casa_graa_tenuta_casa_cima_0001-300x169.jpg 300w, https:\/\/tenutacasacima.com\/wp-content\/uploads\/2021\/06\/casa_graa_tenuta_casa_cima_0001-1024x576.jpg 1024w, https:\/\/tenutacasacima.com\/wp-content\/uploads\/2021\/06\/casa_graa_tenuta_casa_cima_0001-768x432.jpg 768w, https:\/\/tenutacasacima.com\/wp-content\/uploads\/2021\/06\/casa_graa_tenuta_casa_cima_0001-1024x576-1920x1079.jpg 1920w, https:\/\/tenutacasacima.com\/wp-content\/uploads\/2021\/06\/casa_graa_tenuta_casa_cima_0001.jpg 1250w\" sizes=\"auto, (max-width: 750px) 100vw, 750px\" \/>    \n        <\/div>\n    <!-- \/image-wrap -->\n    \n        <\/div>\n<!-- \/module image --><!-- module text -->\n<div  class=\"module module-text tb_74oa190    hide-mobile\" data-lazy=\"1\">\n        <div  class=\"tb_text_wrap\">\n        <h3>Preis pro Tag (Mindestaufenthalt 4 Tage)<\/h3>\n<table style=\"height: 441px;\" width=\"409\">\n<tbody>\n<tr>\n<td width=\"121\">\n<table style=\"height: 320px;\" width=\"681\">\n<tbody>\n<tr>\n<td width=\"252\">CHF 153.00<\/td>\n<td width=\"257\">pro Tag, Montag bis Freitag<\/td>\n<\/tr>\n<tr>\n<td>CHF 195.00<\/td>\n<td>pro Tag, Freitag bis Sonntag<\/td>\n<\/tr>\n<tr>\n<td>CHF 8.00<\/td>\n<td>Kurtaxe pro Tag<\/td>\n<\/tr>\n<tr>\n<td>CHF 69.00<\/td>\n<td>Pauschal Administrations-Geb\u00fchr<\/td>\n<\/tr>\n<tr>\n<td>CHF 140.00<\/td>\n<td>Pauschal Endreinigung<\/td>\n<\/tr>\n<tr>\n<td>\u00a0<\/td>\n<td>\u00a0<\/td>\n<\/tr>\n<tr>\n<td><strong>Wochenpreis inkl. Endreiniung<\/strong><\/td>\n<td><strong>CHF 1\u2019462.00<\/strong><\/td>\n<\/tr>\n<tr>\n<td>\u00a0<\/td>\n<td><strong>EUR 1\u2019624.00<\/strong><\/td>\n<\/tr>\n<tr>\n<td>\u00a0<\/td>\n<td>\u00a0<\/td>\n<\/tr>\n<tr>\n<td>(CHF 203.00 p\/T)<\/td>\n<td>\u00a0<\/td>\n<\/tr>\n<tr>\n<td>(EUR 210.00 p\/T)<\/td>\n<td>\u00a0<\/td>\n<\/tr>\n<\/tbody>\n<\/table>\n<\/td>\n<td colspan=\"2\" width=\"166\">\u00a0<\/td>\n<\/tr>\n<tr>\n<td>\u00a0<\/td>\n<td>\u00a0<\/td>\n<td>\u00a0<\/td>\n<\/tr>\n<\/tbody>\n<\/table>    <\/div>\n<\/div>\n<!-- \/module text --><!-- module text -->\n<div  class=\"module module-text tb_imt2522    hide-desktop hide-tablet hide-tablet_landscape\" data-lazy=\"1\">\n        <div  class=\"tb_text_wrap\">\n        <h3 style=\"font-size: 35px; font-family: Oswald;\">Preis pro Tag (Mindestaufenthalt 4 Tage)<\/h3>\n<p>CHF 153.00\u00a0 \u00a0 \u00a0 \u00a0 pro Tag, Montag-Freitag<br>CHF 195.00\u00a0 \u00a0 \u00a0 \u00a0 pro Tag, Freitag-Sonntag<br>CHF 8.00\u00a0 \u00a0 \u00a0 \u00a0 \u00a0 \u00a0Kurtaxe pro Tag<br>CHF 69.00\u00a0 \u00a0 \u00a0 \u00a0 \u00a0Pauschal Administrations-Geb\u00fchr<br>CHF 140.00\u00a0 \u00a0 \u00a0 \u00a0Pauschal, Endreinigung<\/p>\n<p>Wochenpreis inkl. Endreinigung<br><strong>CHF 1&#8217;462.00<br>EUR 1&#8217;624.00<\/strong><br><br>(CHF 203.00 p\/T)<br>(EUR 210.00 p\/T)<\/p>    <\/div>\n<\/div>\n<!-- \/module text -->        <\/div>\n                        <\/div>\n        <\/div>\n                        <div  data-parallax-bg=\"desktop\" data-lazy=\"1\" class=\"module_row themify_builder_row fullheight tb_tz79587 tf_w\">\n            <span  class=\"builder_row_cover tf_abs\" data-lazy=\"1\"><\/span>            <div class=\"row_inner col_align_top tb_col_count_1 tf_box tf_rel\">\n                        <div  data-lazy=\"1\" class=\"module_column tb-column col-full tb_dgaa587 first\">\n                    <!-- module text -->\n<div  class=\"module module-text tb_aix4588   \" data-lazy=\"1\">\n        <div  class=\"tb_text_wrap\">\n        <h2>Deluxe AUSSTATTUNG<\/h2>    <\/div>\n<\/div>\n<!-- \/module text --><!-- module divider -->\n<div  class=\"module tf_mw module-divider tb_dad3588 solid  divider-custom divider-center\" style=\"border-width: 1px;border-color: rgba(255,255,255, 0.35);margin-bottom: 31px;max-width: 102px;\" data-lazy=\"1\">\n    <\/div>\n<!-- \/module divider -->\n<!-- module text -->\n<div  class=\"module module-text tb_x2lu588   \" data-lazy=\"1\">\n        <div  class=\"tb_text_wrap\">\n        <p style=\"text-align: center;\">PREIS<\/p>    <\/div>\n<\/div>\n<!-- \/module text --><!-- module icon -->\n<div  class=\"module module-icon tb_v9hv588   none icon_horizontal  wow\" data-tf-animation=\"fadeIn\" data-tf-animation_repeat=\"9999\" data-lazy=\"1\">\n\t\t\t<div class=\"module-icon-item\">\n\t\t\t\t\t\t\t<a href=\"#bellavista-preis\">\n\t\t\t\t\t\t\t\t\t\t\t\t\t\t\t\t\t<em class=\"tf_box\"\n\t\t\t\t\t\t\t\t\t\t\t\t\t\t\t\t\t><svg  class=\"tf_fa tf-ti-angle-double-down\" xmlns:xlink=\"http:\/\/www.w3.org\/1999\/xlink\" aria-hidden=\"true\"><use href=\"#tf-ti-angle-double-down\" xlink:href=\"#tf-ti-angle-double-down\"><\/use><\/svg><\/em>\n\t\t\t\t\t\t\t\t\t\t\t\t\t\t\t\t<\/a>\n\t\t\t\t\t<\/div>\n\t<\/div>\n<!-- \/module icon -->\n        <\/div>\n                        <\/div>\n        <\/div>\n                        <div  data-lazy=\"1\" class=\"module_row themify_builder_row tb_djwp831 tf_w\">\n                        <div class=\"row_inner col_align_top tb_col_count_2 tf_box tf_rel\">\n                        <div  data-lazy=\"1\" class=\"module_column tb-column col3-1 tb_uls2832 first\">\n                    <!-- module text -->\n<div  class=\"module module-text tb_ndn8832   \" data-lazy=\"1\">\n        <div  class=\"tb_text_wrap\">\n        <h2>\u00dcber Uns<\/h2>    <\/div>\n<\/div>\n<!-- \/module text -->        <\/div>\n                    <div  data-lazy=\"1\" class=\"module_column tb-column col3-2 tb_wglj832 last\">\n                    <!-- module text -->\n<div  class=\"module module-text tb_kz62832   \" data-lazy=\"1\">\n        <div  class=\"tb_text_wrap\">\n        <h3>DELUXE AUSSTATTUNG | 4 Personen<\/h3>\n<p><strong>Deluxe<\/strong> auf der Tenuta Casa Cima bietet ein typisches rustikales Haus im Tessiner Stil im Dorf Gudo-Bellinzona. Von der Talstation unserer Seilbahn erreichen Sie unser Paradies in weniger als 4 Minuten. Rufen Sie uns bei Ankunft an, wir holen Sie an der Talstation ab. Die Tenuta Casa Cima ist von Weinbergen umgeben, die ebenfalls zur Stiftung geh\u00f6ren. Das gesamte Grundst\u00fcck hat eine Gr\u00f6\u00dfe von <strong>80.000m\u00b2<\/strong><strong>. <\/strong>Dank des Mikroklimas wachsen hier Palmen, Kiwis, Zitronen und viele andere Pflanzen und Fr\u00fcchte, die in der Nordschweiz nie wachsen w\u00fcrden. Wir haben unsere Weinberge an die Kellerei Stucky H\u00fcgin verpachtet. Einer der besten Rotweine der Region stammt aus unseren Trauben. <a href=\"https:\/\/cantinestuckyhuegin.ch\/cms\/de\/weine\/rotwein\/23-tracce-di-sassi-rotwein\">&#8220;Tracce di Sassi&#8221;<\/a><\/p>\n<p><strong>Ganzes Haus<\/strong> (Deluxe) mit 2 Schlafzimmern, einem Doppelbett und einem Zimmer mit 2 romantischen Biedermeierbetten, sowie einer Schlafcouch im Wohnzimmer, Dusche\/Bad\/WC, Wohn-\/Esszimmer (mit Kamin), K\u00fcche, Liegewiese, Parkplatz<strong>. (Das ganze Haus ist mit echten Teppichen und antiken M\u00f6beln ausgestattet. Wir wollen nur G\u00e4ste, die ein solches Ambiente sch\u00e4tzen und pflegen.<\/strong><a href=\"https:\/\/tenutacasacima.com\/de\/unser-haus\/\" target=\"_blank\" rel=\"noopener\"> Jetzt Buchen!<\/a><\/p>    <\/div>\n<\/div>\n<!-- \/module text --><!-- module image -->\n<div  class=\"module module-image tb_r8ls832 image-center   tf_mw\" data-lazy=\"1\" id=\"bellavista-price\">\n        <div class=\"image-wrap tf_rel tf_mw\">\n            <img loading=\"lazy\" decoding=\"async\" src=\"https:\/\/tenutacasacima.com\/wp-content\/uploads\/2021\/06\/casa_bellavista_tenuta_casa_cima_0006-1-1024x576-750x421.jpg\" width=\"750\" height=\"421\" class=\"wp-post-image wp-image-1333\" title=\"Casa Bellavista, Deluxe, Tenuta Casa Cima\" alt=\"Casa Bellavista, Deluxe, Tenuta Casa Cima\" srcset=\"https:\/\/tenutacasacima.com\/wp-content\/uploads\/2021\/06\/casa_bellavista_tenuta_casa_cima_0006-1-1024x576-750x421.jpg 750w, https:\/\/tenutacasacima.com\/wp-content\/uploads\/2021\/06\/casa_bellavista_tenuta_casa_cima_0006-1-300x169.jpg 300w, https:\/\/tenutacasacima.com\/wp-content\/uploads\/2021\/06\/casa_bellavista_tenuta_casa_cima_0006-1-1024x576.jpg 1024w, https:\/\/tenutacasacima.com\/wp-content\/uploads\/2021\/06\/casa_bellavista_tenuta_casa_cima_0006-1-768x432.jpg 768w, https:\/\/tenutacasacima.com\/wp-content\/uploads\/2021\/06\/casa_bellavista_tenuta_casa_cima_0006-1.jpg 1250w\" sizes=\"auto, (max-width: 750px) 100vw, 750px\" \/>    \n        <\/div>\n    <!-- \/image-wrap -->\n    \n        <\/div>\n<!-- \/module image --><!-- module text -->\n<div  class=\"module module-text tb_7xlu968    hide-mobile\" data-lazy=\"1\">\n        <div  class=\"tb_text_wrap\">\n        <h3>Preis pro Tag (Mindestaufenthalt 4 Tage)<\/h3>\n<table style=\"height: 441px;\" width=\"409\">\n<tbody>\n<tr style=\"font-family: 'Sorts Mill Goudy', serif; font-size: 20px; letter-spacing: normal;\">\n<td width=\"121\">\n<table style=\"height: 320px;\" width=\"681\">\n<tbody>\n<tr>\n<td width=\"252\">CHF 193.00<\/td>\n<td width=\"257\">pro Tag, Montag bis Freitag<\/td>\n<\/tr>\n<tr>\n<td>CHF 270.00<\/td>\n<td>pro Tag, Freitag bis Sonntag<\/td>\n<\/tr>\n<tr>\n<td>CHF 12.00<\/td>\n<td>Kurtaxe pro Tag<\/td>\n<\/tr>\n<tr>\n<td>CHF 91.00<\/td>\n<td>Pauschal Administrations-Geb\u00fchr<\/td>\n<\/tr>\n<tr>\n<td>CHF 190.00<\/td>\n<td>Pauschal Endreinigung<\/td>\n<\/tr>\n<tr>\n<td>\u00a0<\/td>\n<td>\u00a0<\/td>\n<\/tr>\n<tr>\n<td><strong>Wochenpreis inkl. Endreiniung<\/strong><\/td>\n<td><strong>CHF 1\u2019947.00<\/strong><\/td>\n<\/tr>\n<tr>\n<td>\u00a0<\/td>\n<td><strong>EUR 2&#8217;163.00<\/strong><\/td>\n<\/tr>\n<tr>\n<td>\u00a0<\/td>\n<td>\u00a0<\/td>\n<\/tr>\n<tr>\n<td>(CHF 267.00 p\/T)<\/td>\n<td>\u00a0<\/td>\n<\/tr>\n<tr>\n<td>(EUR 280.00 p\/T)<\/td>\n<td>\u00a0<\/td>\n<\/tr>\n<\/tbody>\n<\/table>\n<\/td>\n<td colspan=\"2\" width=\"166\">\u00a0<\/td>\n<\/tr>\n<\/tbody>\n<\/table>    <\/div>\n<\/div>\n<!-- \/module text --><!-- module text -->\n<div  class=\"module module-text tb_81dl60    hide-desktop hide-tablet hide-tablet_landscape\" data-lazy=\"1\">\n        <div  class=\"tb_text_wrap\">\n        <h3 style=\"font-size: 35px; font-family: Oswald;\">Preis pro Tag (Mindestaufenthalt 4 Tage)<\/h3>\n<p>CHF 193.00\u00a0 \u00a0 \u00a0 \u00a0pro Tag, Montag-Freitag<br>CHF 270.00\u00a0 \u00a0 \u00a0 pro Tag, Freitag-Sonntag<br>CHF 12.00\u00a0 \u00a0 \u00a0 \u00a0 \u00a0Kurtaxe pro Tag<br>CHF 91.00\u00a0 \u00a0 \u00a0 \u00a0 \u00a0Pauschal Administrations-Geb\u00fchr<br>CHF 190.00\u00a0 \u00a0 \u00a0 \u00a0Pauschal, Endreinigung<\/p>\n<p>Wochenpreis inkl. Endreinigung<br><strong>CHF 1&#8217;947.00<br>EUR 2&#8217;163.00<\/strong><br><br>(CHF 267.00 p\/T)<br>(EUR 280.00 p\/T)<\/p>    <\/div>\n<\/div>\n<!-- \/module text -->        <\/div>\n                        <\/div>\n        <\/div>\n                        <div  data-parallax-bg=\"desktop\" data-css_id=\"4h3k301\" data-lazy=\"1\" class=\"module_row themify_builder_row fullwidth_row_container tb_4h3k301 tf_w\">\n                        <div class=\"row_inner col_align_top tb_col_count_1 tf_box tf_rel\">\n                        <div  data-lazy=\"1\" class=\"module_column tb-column col-full tb_qqxx003 first\">\n                            <\/div>\n                        <\/div>\n        <\/div>\n                        <div  data-anchor=\"hausordnung\" data-lazy=\"1\" class=\"module_row themify_builder_row tb_has_section tb_section-hausordnung tb_k4f937 tf_w\">\n                        <div class=\"row_inner col_align_top tb_col_count_1 tf_box tf_rel\">\n                        <div  data-lazy=\"1\" class=\"module_column tb-column col-full tb_dbbc37 first\">\n                            <div  data-lazy=\"1\" class=\"module_subrow themify_builder_sub_row tf_w col_align_top tb_col_count_2 tb_rc9737\">\n                <div  data-lazy=\"1\" class=\"module_column sub_column col4-2 tb_8blc38 first\">\n                    <!-- module text -->\n<div  class=\"module module-text tb_lxwd38   \" data-lazy=\"1\">\n        <div  class=\"tb_text_wrap\">\n        <h3 style=\"text-align: left;\">Hausordnung &amp; Infos <br>Tenuta Casa Cima G\u00e4stehaus<\/h3>\n<p style=\"text-align: left;\">Zur Sicherheit unserer G\u00e4ste und der Immobilien ist unser Gel\u00e4nde 24 Stunden lang video\u00fcberwacht und mit einer Alarmanlage ausgestattet. Da es sich bei der Tenuta Casa Cima um einen Privatbesitz handelt, haben nur die G\u00e4ste und die Eigent\u00fcmer Zugang zum Gel\u00e4nde und zur Seilbahn. Der \u00f6ffentliche Fu\u00dfweg, der durch unser Land f\u00fchrt, ist f\u00fcr alle zug\u00e4nglich.<\/p>\n<p style=\"text-align: left;\">Mit freundlichen Gr\u00fc\u00dfen, Tenuta Casa Cima<\/p>    <\/div>\n<\/div>\n<!-- \/module text -->        <\/div>\n                    <div  data-lazy=\"1\" class=\"module_column sub_column col4-2 tb_p403600 last\">\n                    <!-- module image -->\n<div  class=\"module module-image tb_umt8912 image-top   tf_mw\" data-lazy=\"1\">\n        <div class=\"image-wrap tf_rel tf_mw\">\n            <img loading=\"lazy\" decoding=\"async\" width=\"1440\" height=\"1080\" src=\"https:\/\/tenutacasacima.com\/wp-content\/uploads\/2024\/05\/private_property_tenuta_casa_cima_information.jpg\" class=\"wp-post-image wp-image-3830\" title=\"private_property_tenuta_casa_cima_information\" alt=\"private_property_tenuta_casa_cima_information\" srcset=\"https:\/\/tenutacasacima.com\/wp-content\/uploads\/2024\/05\/private_property_tenuta_casa_cima_information.jpg 1440w, https:\/\/tenutacasacima.com\/wp-content\/uploads\/2024\/05\/private_property_tenuta_casa_cima_information-300x225.jpg 300w, https:\/\/tenutacasacima.com\/wp-content\/uploads\/2024\/05\/private_property_tenuta_casa_cima_information-1024x768.jpg 1024w, https:\/\/tenutacasacima.com\/wp-content\/uploads\/2024\/05\/private_property_tenuta_casa_cima_information-768x576.jpg 768w\" sizes=\"auto, (max-width: 1440px) 100vw, 1440px\" \/>    \n        <\/div>\n    <!-- \/image-wrap -->\n    \n        <\/div>\n<!-- \/module image -->        <\/div>\n                    <\/div>\n                <div  data-lazy=\"1\" class=\"module_subrow themify_builder_sub_row tf_w col_align_top tb_col_count_2 tb_isct38\">\n                <div  data-lazy=\"1\" class=\"module_column sub_column col4-2 tb_0pj338 first\">\n                    <!-- module text -->\n<div  class=\"module module-text tb_nlm239   \" data-lazy=\"1\">\n        <div  class=\"tb_text_wrap\">\n        <h4>Bettw\u00e4sche<\/h4>\n<p>1 Woche Aufenthalt, keine Ver\u00e4nderung<br>2 Wochen Aufenthalt, Betten werden am Samstag frisch gemacht<\/p>    <\/div>\n<\/div>\n<!-- \/module text --><!-- module text -->\n<div  class=\"module module-text tb_442v925   \" data-lazy=\"1\">\n        <div  class=\"tb_text_wrap\">\n        <h4>Kaffeemaschine<\/h4>\n<p>In unseren Unterk\u00fcnften finden Sie eine Kaffeemaschine, die mit Nespresso-kompatiblen Kaffeekapseln verwendet werden kann. Sie k\u00f6nnen zum Beispiel Kaffeemarken wie Cafe Royal von Migros, L&#8217;or Kaffee von Coop oder Bellarom von Lidl verwenden. F\u00fcr Ihren ersten Tag stellen wir Ihnen ein paar Kaffee-Kapseln sowie Zuckerportionen zur Verf\u00fcgung.<\/p>    <\/div>\n<\/div>\n<!-- \/module text --><!-- module text -->\n<div  class=\"module module-text tb_agfc126   \" data-lazy=\"1\">\n        <div  class=\"tb_text_wrap\">\n        <h4>Lebensmittel in der K\u00fcche<\/h4>\n<p>F\u00fcr den ersten Tag stellen wir \u00d6l, Essig, Salz und Pfeffer bereit. Danach sind die G\u00e4ste selbst f\u00fcr den Kauf verantwortlich.<\/p>    <\/div>\n<\/div>\n<!-- \/module text --><!-- module text -->\n<div  class=\"module module-text tb_kun239   \" data-lazy=\"1\">\n        <div  class=\"tb_text_wrap\">\n        <h4>Kostenloses Wifi<\/h4>\n<p>Den Wifi-Code erhalten Sie beim Checkin. Von Zeit zu Zeit ist das Signal schwach, wir arbeiten an der Verbesserung des Netzes. Vielen Dank f\u00fcr Ihr Verst\u00e4ndnis. Sie haben eine 3-5G-Verbindung.<\/p>    <\/div>\n<\/div>\n<!-- \/module text --><!-- module text -->\n<div  class=\"module module-text tb_j0d9831   \" data-lazy=\"1\">\n        <div  class=\"tb_text_wrap\">\n        <h4>Brennholz<\/h4>\n<p><span lang=\"DE\">Kaminholz f\u00fcr den Kamin oder auch f\u00fcr den Grill finden Sie im hinteren Bereich bei der Waschk\u00fcche, beim Checkin wird Ihnen gezeigt, wo Sie sich bedienen k\u00f6nnen.<\/span><\/p>    <\/div>\n<\/div>\n<!-- \/module text --><!-- module text -->\n<div  class=\"module module-text tb_h2j4921   \" data-lazy=\"1\">\n        <div  class=\"tb_text_wrap\">\n        <h4>G\u00e4stekarte<\/h4>\n<p>Verg\u00fcnstigungen und Vorteile in und um Bellinzona. Beim Einchecken erhalten Sie eine <a href=\"https:\/\/www.bellinzonaevalli.ch\/en\/guestcard.html\" target=\"_blank\" rel=\"noopener\">G\u00e4stekarte<\/a>, die f\u00fcr die ganze Familie oder Ihre Freunde gilt. Siehe unseren <a href=\"https:\/\/tenutacasacima.com\/attractions\/tourist-guide\/\">Reisef\u00fchrer<\/a><\/p>    <\/div>\n<\/div>\n<!-- \/module text --><!-- module text -->\n<div  class=\"module module-text tb_hbis149   \" data-lazy=\"1\">\n        <div  class=\"tb_text_wrap\">\n        <h4>W\u00e4schereiservice<\/h4>\n<p>Nur auf Wunsch. Selbstbedienung. Wir \u00f6ffnen den Waschraum f\u00fcr Sie. Wir berechnen <strong>Fr. 20.00<\/strong> pro Waschtag. Darin enthalten sind: Wasser, Strom, Waschmittel und Infrastruktur. Bitte besprechen Sie alles mit unserer Mitarbeiterin vor Ort. Bezahlung bar vor Ort. Vielen Dank.<\/p>    <\/div>\n<\/div>\n<!-- \/module text --><!-- module text -->\n<div  class=\"module module-text tb_na2839   \" data-lazy=\"1\">\n        <div  class=\"tb_text_wrap\">\n        <h4>Parkpl\u00e4tze<\/h4>\n<p>Es gibt zwei Parkpl\u00e4tze direkt neben der Seilbahn, einen hinter dem Seilbahnhaus und einen unter der Pergola. Wir haben auch Parkpl\u00e4tze oben bei den Weinbergen. Von dort aus erreichen Sie unser Haus zu Fu\u00df in etwa 8 Minuten. <a href=\"https:\/\/tenutacasacima.com\/cable-car-important-infos\/\" target=\"_blank\" rel=\"noopener\">Hier lesen<\/a><\/p>    <\/div>\n<\/div>\n<!-- \/module text --><!-- module text -->\n<div  class=\"module module-text tb_wen339   \" data-lazy=\"1\">\n        <div  class=\"tb_text_wrap\">\n        <h4>Pool<\/h4>\n<p><span lang=\"DE\">Der Pool ist mit frischem Bachwasser gef\u00fcllt, er muss mit allen G\u00e4sten geteilt werden. Sie erhalten auf Wunsch ein Badetuch pro Person.<\/span><\/p>\n<p><span lang=\"DE\"><strong>Wir bitten Sie nie das Bachwasser, welches mit dem Schlauch in den Pool l\u00e4uft, abzustellen.<\/strong> Wir bitten Sie auch nie, die Filter-Pumpe abzustellen. Wenn das Wasser nicht l\u00e4uft, tr\u00fcbt und verf\u00e4rbt sich der Pool und bildet Algen. Daf\u00fcr k\u00f6nnen wir nicht haftbar gemacht werden. Es ist schon mehrmals vorgekommen, dass jemand das Wasser abgedreht hat und der Pool sich dunkel verf\u00e4rbt hat. Der Pool steht inmitten der Natur. Im Sommer setzen sich oft viele Gr\u00e4ser-Bl\u00fcten, Bl\u00e4tter und andere Materialen durch die Luft ab. Den Poolroboter bitte nie am Kabel herausziehen. Vielen Dank f\u00fcr Ihr Verst\u00e4ndnis.<\/span><\/p>\n<p><span lang=\"DE\">Liegest\u00fchle am Pool.<\/span><span lang=\"DE\">\u00a0Wir bitten unsere G\u00e4ste die Liegest\u00fchle am Pool nicht mit an den Bach zu nehmen. Vielen Dank.<\/span><\/p>    <\/div>\n<\/div>\n<!-- \/module text --><!-- module text -->\n<div  class=\"module module-text tb_6zde39   \" data-lazy=\"1\">\n        <div  class=\"tb_text_wrap\">\n        <h4>Bach und Wasserfall<\/h4>\n<p>Hier k\u00f6nnen Sie sich im frischen Bachwasser erfrischen und den ganzen Weg zur\u00fcck zum Wasserfall laufen. Der Bach ist \u00f6ffentlich und geh\u00f6rt der Gemeinde. Der Bach flie\u00dft durch unser Land. Leider wurde ein Gro\u00dfteil der Natur durch den Sturm und die \u00dcberschwemmungen im Jahr 2020 zerst\u00f6rt, und alle Wasserbecken sind mit Schutt gef\u00fcllt. Die Gemeinde Gudo hat beschlossen, es nicht zu restaurieren. Eine solche Katastrophe hat es noch nie gegeben. Wir hoffen, dass wir einen gro\u00dfen Teil der nat\u00fcrlichen Becken aus eigener Kraft wiederherstellen k\u00f6nnen, aber das wird Zeit brauchen. Vielen Dank f\u00fcr Ihr Verst\u00e4ndnis.<\/p>    <\/div>\n<\/div>\n<!-- \/module text --><!-- module text -->\n<div  class=\"module module-text tb_gnw572   \" data-lazy=\"1\">\n        <div  class=\"tb_text_wrap\">\n        <h4>Papierservietten<\/h4>\n<p>Wir stellen Ihnen Papierservietten zur Verf\u00fcgung. Bei hohem Verbrauch, bitten wir unsere G\u00e4ste mehr servietten einzukaufen.<\/p>    <\/div>\n<\/div>\n<!-- \/module text --><!-- module social share -->\n<div  class=\"module module-social-share tb_dd929  tb_ss_size_normal tb_ss_shape_none\" data-lazy=\"1\" data-title=\"\" data-url=\"\">\n        <div class=\"module-social-share-wrapper\">\n                                            <div class=\"ss_anchor_wrap tf_inline_b\">\n                        <a href=\"#\" data-type=\"facebook\">\n                            <em class=\"tb_social_share_icon\"><svg  aria-label=\"Facebook\" class=\"tf_fa tf-ti-facebook\" xmlns:xlink=\"http:\/\/www.w3.org\/1999\/xlink\" role=\"img\"><use href=\"#tf-ti-facebook\" xlink:href=\"#tf-ti-facebook\"><\/use><\/svg><\/em>\n                                                    <\/a>\n                    <\/div>\n                                    <div class=\"ss_anchor_wrap tf_inline_b\">\n                        <a href=\"#\" data-type=\"twitter\">\n                            <em class=\"tb_social_share_icon\"><svg  aria-label=\"Twitter\" class=\"tf_fa tf-fab-x-twitter\" xmlns:xlink=\"http:\/\/www.w3.org\/1999\/xlink\" role=\"img\"><use href=\"#tf-fab-x-twitter\" xlink:href=\"#tf-fab-x-twitter\"><\/use><\/svg><\/em>\n                                                    <\/a>\n                    <\/div>\n                                    <div class=\"ss_anchor_wrap tf_inline_b\">\n                        <a href=\"#\" data-type=\"linkedin\">\n                            <em class=\"tb_social_share_icon\"><svg  aria-label=\"Linkedin\" class=\"tf_fa tf-ti-linkedin\" xmlns:xlink=\"http:\/\/www.w3.org\/1999\/xlink\" role=\"img\"><use href=\"#tf-ti-linkedin\" xlink:href=\"#tf-ti-linkedin\"><\/use><\/svg><\/em>\n                                                    <\/a>\n                    <\/div>\n                                    <div class=\"ss_anchor_wrap tf_inline_b\">\n                        <a href=\"#\" data-type=\"pinterest\">\n                            <em class=\"tb_social_share_icon\"><svg  aria-label=\"Pinterest\" class=\"tf_fa tf-ti-pinterest\" xmlns:xlink=\"http:\/\/www.w3.org\/1999\/xlink\" role=\"img\"><use href=\"#tf-ti-pinterest\" xlink:href=\"#tf-ti-pinterest\"><\/use><\/svg><\/em>\n                                                    <\/a>\n                    <\/div>\n                                    <div class=\"ss_anchor_wrap tf_inline_b\">\n                        <a href=\"#\" data-type=\"email\">\n                            <em class=\"tb_social_share_icon\"><svg  aria-label=\"Email\" class=\"tf_fa tf-ti-email\" xmlns:xlink=\"http:\/\/www.w3.org\/1999\/xlink\" role=\"img\"><use href=\"#tf-ti-email\" xlink:href=\"#tf-ti-email\"><\/use><\/svg><\/em>\n                                                    <\/a>\n                    <\/div>\n                            <\/div>\n<\/div>\n<!-- \/module social share -->\n        <\/div>\n                    <div  data-lazy=\"1\" class=\"module_column sub_column col4-2 tb_x2or39 last\">\n                    <!-- module text -->\n<div  class=\"module module-text tb_1ebo39   \" data-lazy=\"1\" id=\"cable-car-info\">\n        <div  class=\"tb_text_wrap\">\n        <h4><span style=\"color: #ff0000;\">AKTUELLE SEILBAHN INFO<\/span><\/h4>\n<p><a href=\"https:\/\/tenutacasacima.com\/de\/seilbahn-wichtige-infos\/\" target=\"_blank\" rel=\"noopener\">25.08.2022 \/ Lesen Sie mehr<\/a><br><br>Die Seilbahn ist privat und steht nur der Stiftung, der Tenuta Casa Cima und den G\u00e4sten zur Verf\u00fcgung. <strong>(Hinweis zur Bedienung).<\/strong> Sie erhalten pro Haus einen Schl\u00fcssel f\u00fcr die Seilbahn. Unser Personal erkl\u00e4rt Ihnen, wie Sie die Seilbahn benutzen k\u00f6nnen. Drehen Sie den Seilbahnschl\u00fcssel nach rechts-nur bis zum Anschlag! Den Schl\u00fcssel nie ganz durchdrehen, sonst geht das Schloss kaputt. Erst wenn der Motor gestartet ist, dr\u00fccken Sie den gr\u00fcnen GO-Knopf, Sie h\u00f6ren einen Piepton, dann steigen Sie in die Seilbahn ein. <strong>Bitte!!!<\/strong> Dr\u00fccken Sie keine andere Taste, insbesondere nicht die rote Stopptaste, diese ist nur f\u00fcr Notf\u00e4lle gedacht. (Bitte beachten Sie diese Regeln an der Talstation und an der Endstation. <strong>Die Kabinent\u00fcr muss beim Verlassen der Gondel immer geschlossen sein.<\/strong><\/p>\n<p><strong>&#8220;Lassen Sie Kinder nie alleine mit der Seilbahn fahren, es muss immer jemand dabei sein, der wei\u00df, wie die Seilbahn funktioniert, in der Vergangenheit sind einige Fehler passiert, das ist immer mit Kosten verbunden. Wir danken Ihnen f\u00fcr Ihr Verst\u00e4ndnis.&#8221;<\/strong><\/p>    <\/div>\n<\/div>\n<!-- \/module text --><!-- module text -->\n<div  class=\"module module-text tb_8e4z39   \" data-lazy=\"1\">\n        <div  class=\"tb_text_wrap\">\n        <h4><strong>Checkin\/Checkout<\/strong><\/h4>\n<p><strong>2024: Wir haben Check-in-Zeiten nach Vereinbarung. Die Check-in-Zeit teilen wir Ihnen nach Absprache mit unseren Mitarbeitern mit.<br><br>Das Check-Out: Selbst-Checkout bis 10 Uhr. Wir informieren Sie beim Check-In \u00fcber das Vorgehen.<\/strong><\/p>    <\/div>\n<\/div>\n<!-- \/module text --><!-- module text -->\n<div  class=\"module module-text tb_4gzp49   \" data-lazy=\"1\">\n        <div  class=\"tb_text_wrap\">\n        <h4>Geschirr\/K\u00fcchenger\u00e4te<\/h4>\n<p><span lang=\"DE\">Es steht Ihnen eine komplette K\u00fcchenausstattung zur Verf\u00fcgung inkl. Geschirr, Geschirrhandt\u00fccher etc. <strong>Wir\u00a0m\u00f6chten Sie bitten,\u00a0daf\u00fcr Sorge zu tragen.<\/strong><\/span><\/p>    <\/div>\n<\/div>\n<!-- \/module text --><!-- module text -->\n<div  class=\"module module-text tb_gbso509   \" data-lazy=\"1\">\n        <div  class=\"tb_text_wrap\">\n        <h4>Grill\/BBQ<\/h4>\n<p>F\u00fcr jedes Haus gibt es einen eigenen Grill. W\u00e4hrend Ihres Aufenthalts sind unsere G\u00e4ste f\u00fcr die Reinigung des Grills selbst verantwortlich.<\/p>\n<p><span style=\"color: #ff0000;\"><strong data-start=\"102\" data-end=\"169\">Grillen ist ausschliesslich auf dem Areal der H\u00e4user gestattet.<\/strong><\/span><br data-start=\"169\" data-end=\"172\"><span style=\"color: #ff0000;\">\ud83d\udd25 <strong data-start=\"175\" data-end=\"263\">Beim Pool ist das Grillen streng verboten \u2013 Brandgefahr in der umliegenden Natur!<\/strong> \ud83d\udeab<\/span><\/p>\n<p><strong>Wir bitten Sie, das Grillmaterial (Kohle, Anz\u00fcndhilfe) selbst zu besorgen, vielen Dank. Wir haben Feuerholz, Streichh\u00f6lzer und Zeitungspapier.<\/strong><\/p>    <\/div>\n<\/div>\n<!-- \/module text --><!-- module text -->\n<div  class=\"module module-text tb_dvy539   \" data-lazy=\"1\">\n        <div  class=\"tb_text_wrap\">\n        <h4>Handt\u00fccher und Badet\u00fccher<\/h4>\n<p>Wir stellen Ihnen Hand- und Badet\u00fccher zur Verf\u00fcgung. Pro Gast erhalten Sie sowohl ein grosses als auch ein kleines Handtuch. Zus\u00e4tzlich steht Ihnen ein Badetuch f\u00fcr den Pool oder den Bach zur Verf\u00fcgung. Falls Ihr Aufenthalt 14 Tage oder l\u00e4nger dauert, werden die Handt\u00fccher nach der ersten Woche ausgewechselt, um Ihren Komfort sicherzustellen.<\/p>    <\/div>\n<\/div>\n<!-- \/module text --><!-- module text -->\n<div  class=\"module module-text tb_pehx39   \" data-lazy=\"1\">\n        <div  class=\"tb_text_wrap\">\n        <h4>Zwischenreinigung<\/h4>\n<p>Bei einem Aufenthalt von 14 Tagen oder mehr berechnen wir eine Zwischenreinigung, die am Samstag nach der ersten Woche stattfindet. Das Haus wird gereinigt und die Bettw\u00e4sche gewechselt.<\/p>    <\/div>\n<\/div>\n<!-- \/module text --><!-- module text -->\n<div  class=\"module module-text tb_6pij39   \" data-lazy=\"1\">\n        <div  class=\"tb_text_wrap\">\n        <h4>Haustiere<\/h4>\n<p>Haustiere sind bei uns erlaubt. F\u00fcr Hunde. Bitte achten Sie darauf, die M\u00f6bel nicht zu zerkratzen oder zu zerrei\u00dfen. Das ist schon ein paar Mal passiert. Besonders in der Casa Bellavista haben wir viele antike M\u00f6bel, die zur Stiftung geh\u00f6ren. Es ist uns sehr wichtig, dass nichts kaputt geht. Falls etwas passieren sollte, informieren Sie uns bitte. Ich danke Ihnen vielmals.<\/p>    <\/div>\n<\/div>\n<!-- \/module text --><!-- module text -->\n<div  class=\"module module-text tb_rp21905   \" data-lazy=\"1\">\n        <div  class=\"tb_text_wrap\">\n        <h4>Toilettenpapier<\/h4>\n<p>Wir stellen Ihnen gen\u00fcgend Toilettenpapier<strong> (6 Rollen pro Woche pro Haus)<\/strong> zur Verf\u00fcgung. Falls Sie mehr Toilettenpapier ben\u00f6tigen, bitten wir Sie, dieses einzukaufen. F\u00fcr G\u00e4ste, die 14 Tage oder l\u00e4nger bleiben, erhalten Sie nat\u00fcrlich f\u00fcr die Zusatzwoche nochmals Toilettenpapier.<\/p>    <\/div>\n<\/div>\n<!-- \/module text --><!-- module text -->\n<div  class=\"module module-text tb_j2my39   \" data-lazy=\"1\">\n        <div  class=\"tb_text_wrap\">\n        <h4>Abfall<\/h4>\n<p>Auf der Tenuta Casa Cima gelten neue Abfallbestimmungen. Wir bitten unsere G\u00e4ste, ihre Abf\u00e4lle bei der Abfallentsorgungsstelle &#8220;Via all Chiesa&#8221; in Gudo zu entsorgen. Der GPS-Link ist ebenfalls auf der Website zu finden. <a href=\"https:\/\/tenutacasacima.com\/de\/abfallmanagement\/\" target=\"_blank\" rel=\"noopener\">Abfallentsorgung<\/a><\/p>    <\/div>\n<\/div>\n<!-- \/module text --><!-- module text -->\n<div  class=\"module module-text tb_d1ql758   \" data-lazy=\"1\">\n        <div  class=\"tb_text_wrap\">\n        <h4>Holzzaun zur Seilbahn<\/h4>\n<p>Liebe G\u00e4ste. Wenn Sie das Grundst\u00fcck verlassen, schlie\u00dfen Sie bitte den gro\u00dfen Holzgartenzaun zur Seilbahn, das Grundst\u00fcck ist privat, Fremde haben keinen Zutritt. Ich danke Ihnen f\u00fcr Ihre Mitarbeit.<\/p>    <\/div>\n<\/div>\n<!-- \/module text -->        <\/div>\n                    <\/div>\n                <div  data-lazy=\"1\" class=\"module_subrow themify_builder_sub_row tf_w col_align_top tb_col_count_3 tb_ihmt40\">\n                <div  data-lazy=\"1\" class=\"module_column sub_column col4-1 tb_cueh40 first\">\n                            <\/div>\n                    <div  data-lazy=\"1\" class=\"module_column sub_column col4-2 tb_e5tz40\">\n                    <!-- module callout -->\n<div  class=\"module ui module-callout tb_qgnt40  transparent  \" data-lazy=\"1\">\n    \n    <div class=\"callout-inner\">\n    <div class=\"callout-content tf_left\">\n        <h3 class=\"callout-heading\">Haben Sie Fragen?<\/h3>\n        <div class=\"tb_text_wrap\">\n            Wir sind f\u00fcr Sie da        <\/div>\n    <\/div>\n    <!-- \/callout-content -->\n                    <div class=\"callout-button tf_right tf_textr\">\n            <a href=\"https:\/\/tenutacasacima.com\/contact\" class=\"ui builder_button rounded blue\">\n                <span class=\"tb_callout_text\">Kontakt<\/span>\n            <\/a>\n        <\/div>\n            <\/div>\n    <!-- \/callout-content -->\n<\/div>\n<!-- \/module callout -->\n        <\/div>\n                    <div  data-lazy=\"1\" class=\"module_column sub_column col4-1 tb_54lw40 last\">\n                            <\/div>\n                    <\/div>\n                <\/div>\n                        <\/div>\n        <\/div>\n                        <div  data-css_id=\"s58h730\" data-lazy=\"1\" class=\"module_row themify_builder_row fullwidth tb_s58h730 tf_w\">\n                        <div class=\"row_inner col_align_top tb_col_count_1 tf_box tf_rel\">\n                        <div  data-lazy=\"1\" class=\"module_column tb-column col-full tb_61cx200 first\">\n                            <\/div>\n                        <\/div>\n        <\/div>\n        <\/div>\n<!--\/themify_builder_content-->","protected":false},"excerpt":{"rendered":"<p>Konditionen &amp; Preise Mieten Sie unser Haus<\/p>\n","protected":false},"author":1,"featured_media":0,"parent":636,"menu_order":0,"comment_status":"closed","ping_status":"closed","template":"","meta":{"content-type":"","_monsterinsights_skip_tracking":false,"_monsterinsights_sitenote_active":false,"_monsterinsights_sitenote_note":"","_monsterinsights_sitenote_category":0,"footnotes":""},"class_list":["post-1192","page","type-page","status-publish","hentry","has-post-title","has-post-date","has-post-category","has-post-tag","has-post-comment","has-post-author",""],"aioseo_notices":[],"builder_content":"<h2 style=\"text-align: center;\">Konditionen &amp; Preise<\/h2> <h5 style=\"text-align: center;\">Mieten Sie unser Haus<\/h5>\n<a href=\"#hausordnung\" > Hausordnung &amp; Infos <\/a>\n<p><strong>Status:<\/strong> [wpdts-date]<\/p>\n<h3><strong>Allgemeine Mietbedingungen \/ <\/strong><strong>Superior und Deluxe<\/strong>\u00a0<b>Ausstattung<\/b><\/h3> <ul> <li>Mindestmietdauer von 4 Tagen<\/li> <\/ul> <h3><strong>Zahlung | Stornierung | AGB<\/strong><\/h3> <ul> <li>Der Gesamtbetrag muss bei der Best\u00e4tigung der Reservierung bezahlt werden.<strong><br><\/strong><strong>F\u00fcr EU-B\u00fcrger. Sie k\u00f6nnen auch in EUR bezahlen.<\/strong><\/li> <\/ul> <ul> <li>Stornierungen oder Nichterscheinen werden generell nicht erstattet. Wenn das Mietobjekt im Falle einer Stornierung wieder vermietet werden kann, werden 80 % des Gesamtbetrags nach Ablauf der Reservierungsdaten zur\u00fcckerstattet. <strong><em>Wir empfehlen Ihnen, eine Reiser\u00fccktrittsversicherung abzuschlie\u00dfen.<br><\/em><\/strong><\/li> <\/ul> <p><strong>Hinweis:<\/strong> <strong>Schlechtwetter (z.\u202fB. anhaltender Regen) berechtigt nicht zu einer kurzfristigen, kostenlosen Stornierung oder R\u00fcckverg\u00fctung. Wir bitten um Verst\u00e4ndnis, dass Wetterbedingungen ausserhalb unseres Einflussbereichs liegen und keinen Anspruch auf eine R\u00fcckerstattung darstellen.<\/strong><\/p> <ul> <li>Was die beh\u00f6rdlichen Beschr\u00e4nkungen w\u00e4hrend einer <strong>Pandemie<\/strong> betrifft, so werden die Mietkosten vollst\u00e4ndig erstattet, wenn die Schweizer Beh\u00f6rden unseren Betrieb schlie\u00dfen. Alle anderen Einschr\u00e4nkungen, die einen Aufenthalt verhindern (z.B. Reisebeschr\u00e4nkungen), sind vom Mieter selbst zu tragen bzw. zu versichern.\u00a0Coronavirus\u00a0<a href=\"https:\/\/www.bag.admin.ch\/bag\/de\/home\/krankheiten\/ausbrueche-epidemien-pandemien\/aktuelle-ausbrueche-epidemien\/novel-cov\/empfehlungen-fuer-reisende.html\" target=\"_blank\" rel=\"noopener\">BAG Einreise Schweiz<\/a><\/li> <\/ul> <p><strong>*Bei Buchungen von 14 Tagen oder mehr wird am Samstag nach der ersten Woche eine Zwischenreinigung durchgef\u00fchrt und die Bettw\u00e4sche gewechselt. Zus\u00e4tzliche Kosten siehe Preis Endreinigung.<\/strong><\/p> <p>*Mit einer definitiven Buchungsbest\u00e4tigung Ihrerseits und mti der Bezahlung Ihrer Buchung <strong>akzeptieren Sie als \"Gast\" unsere allgemeinen Gesch\u00e4ftsbedingungen.<br><br><\/strong><\/p> <h3><strong>Anmerkungen \/ H\u00f6here Gewalt<\/strong><\/h3> <ul> <li>Unser Haus Deluxe Bellavista liegt in einer Vorgebirgsregion. Es kann daher sehr selten vorkommen, dass witterungsbedingt die Versorgung mit Wasser oder Strom sowie der Betrieb der Seilbahn kurzzeitig unterbrochen wird. Wir k\u00f6nnen nicht f\u00fcr die Erstattung dieser Kosten verantwortlich oder haftbar gemacht werden.<\/li> <li><strong data-start=\"10\" data-end=\"22\">Seilbahn<\/strong><br data-start=\"22\" data-end=\"25\">In den hei\u00dfen Sommermonaten kann die Hitze den Betrieb der Seilbahn beeintr\u00e4chtigen und zu vor\u00fcbergehenden Ausf\u00e4llen f\u00fchren. Wir bitten um Ihr Verst\u00e4ndnis, k\u00f6nnen hierf\u00fcr jedoch keine Haftung \u00fcbernehmen und stehen diesbez\u00fcglich in regelm\u00e4\u00dfigem Austausch mit unserem Techniker. Sollte die Seilbahn au\u00dfer Betrieb sein, ist die Tenuta Casa Cima \u00fcber eine Gemeindestra\u00dfe erreichbar, die zu unserem Anwesen hinauff\u00fchrt. Fahren Sie dazu nach: <a href=\"https:\/\/www.google.com\/maps\/dir\/\/Via+Costa+Piatta,+6515+Gudo\/@46.176965,8.937849,16z\/data=!4m9!4m8!1m0!1m5!1m1!1s0x4785b54d69cca743:0x393d0e8c5acdbc75!2m2!1d8.9400364!2d46.1769662!3e0?hl=de&amp;entry=ttu&amp;g_ep=EgoyMDI1MDgwNi4wIKXMDSoASAFQAw%3D%3D\" target=\"_blank\" rel=\"noopener\"><strong>Via Costa Piatta, 6515 Gudo<\/strong> <\/a>(bis zum Ende der Stra\u00dfe \u2013 siehe Wegbeschreibung unten). Pro Ferienhaus steht ein Parkplatz zur Verf\u00fcgung. Von dort sind es etwa 8 Gehminuten durch unsere Weinberge. <a href=\"https:\/\/tenutacasacima.com\/de\/seilbahn-wichtige-infos\/\" target=\"_blank\" rel=\"noopener\">Bitte lesen Sie die Informationen hier und nutzen Sie Ihr GPS.<\/a><\/li> <\/ul> <h3><strong>Vorbehalt\/G\u00fcltigkeit<\/strong><\/h3> <ul> <li>F\u00fcr eine Online-Buchungsanfrage verwenden Sie bitte unser Formular oder eine der Buchungsplattformen. Wir werden Sie so schnell wie m\u00f6glich kontaktieren. Bitte beachten Sie, dass die Reservierung erst dann g\u00fcltig ist, wenn Sie eine Best\u00e4tigung von uns erhalten haben.\u00a0<\/li> <\/ul> <h3><strong>Zahlungsmodule<\/strong><\/h3> <p>Via Banktransfer, Kreditkarte, PayPal.<\/p> <p>Wenn die Zahlung innerhalb von 3 Werktagen eingegangen ist, ist Ihre Reservierung best\u00e4tigt.<br>Andernfalls ist die Reservierung ung\u00fcltig.<\/p> <p><img loading=\"lazy\" decoding=\"async\" src=\"https:\/\/tenutacasacima.com\/wp-content\/uploads\/2021\/09\/stripe_papypal_twint_payment-300x42.jpg\" alt=\"\" width=\"300\" height=\"42\" srcset=\"https:\/\/tenutacasacima.com\/wp-content\/uploads\/2021\/09\/stripe_papypal_twint_payment-300x42.jpg 300w, https:\/\/tenutacasacima.com\/wp-content\/uploads\/2021\/09\/stripe_papypal_twint_payment-1024x145.jpg 1024w, https:\/\/tenutacasacima.com\/wp-content\/uploads\/2021\/09\/stripe_papypal_twint_payment-768x109.jpg 768w, https:\/\/tenutacasacima.com\/wp-content\/uploads\/2021\/09\/stripe_papypal_twint_payment.jpg 1267w\" sizes=\"auto, (max-width: 300px) 100vw, 300px\" \/>Wenn Sie mit <strong>Kreditkarte oder PayPal<\/strong> bezahlen m\u00f6chten, wird ein Aufschlag von <strong>3,5 %<\/strong> berechnet. Bei <strong>Twint<\/strong> wird ein Aufschlag von <strong>1,3 %<\/strong> erhoben. Twint-Zahlungen sind nur f\u00fcr die Schweiz g\u00fcltig. Bitte informieren Sie uns bei Ihrer Reservierung \u00fcber diesen Zahlungswunsch. Wir werden Ihnen nach der Vereinbarung eine Rechnung per Post zusenden.<\/p> <h3><strong>Checkin\/Checkout<\/strong>:<\/h3> <p><strong>Check-In Information: Die Check-in-Zeit teilen wir Ihnen nach Absprache mit unseren Mitarbeitern mit.<br>Das Check-Out: Selbst-Checkout bis 10 Uhr. Wir informieren Sie beim Check-In \u00fcber das Vorgehen.<br><br><\/strong><\/p>\n<h2>Superior ausstattung<\/h2>\n\n<p>PREIS<\/p>\n<a href=\"#graa-preis\"> <em ><svg xmlns:xlink=\"http:\/\/www.w3.org\/1999\/xlink\" aria-hidden=\"true\"><use href=\"#tf-ti-angle-double-down\" xlink:href=\"#tf-ti-angle-double-down\"><\/use><\/svg><\/em> <\/a>\n<h2>\u00dcber Uns<\/h2>\n<h3>SUPERIOR AUSSTATTUNG | 4 Personen<\/h3> <p><b>Superior<\/b> auf der Tenuta Casa Cima bietet ein typisches rustikales Haus im Tessiner Stil im Dorf Gudo-Bellinzona. Von der Talstation unserer Seilbahn erreichen Sie unser Paradies in weniger als 4 Minuten. Rufen Sie uns bei Ankunft an, wir holen Sie an der Talstation ab. Die Tenuta Casa Cima ist von Weinbergen umgeben, die ebenfalls zur Stiftung geh\u00f6ren. Das gesamte Grundst\u00fcck hat eine Gr\u00f6\u00dfe von <strong>80.000m\u00b2<\/strong><strong>. <\/strong>Dank des Mikroklimas wachsen hier Palmen, Kiwis, Zitronen und viele andere Pflanzen und Fr\u00fcchte, die in der Nordschweiz nie wachsen w\u00fcrden. Wir haben unsere Weinberge an die Kellerei Stucky H\u00fcgin verpachtet. Einer der besten Rotweine der Region stammt aus unseren Trauben. <a href=\"https:\/\/cantinestuckyhuegin.ch\/cms\/de\/weine\/rotwein\/23-tracce-di-sassi-rotwein\">\"Tracce di Sassi\"<\/a><\/p> <p><strong>Ganzes Haus<\/strong> (Superior) mit 2 Schlafzimmern (4 Betten), einem Zimmer mit Etagenbett, Dusche, WC, Wohn-\/Esszimmer (mit Kamin), K\u00fcche, Sitzecke, Parkplatz. <a href=\"https:\/\/tenutacasacima.com\/de\/unser-haus\/\" target=\"_blank\" rel=\"noopener\">Jetzt Buchen!<\/a><\/p>\n<img src=\"https:\/\/tenutacasacima.com\/wp-content\/uploads\/2021\/06\/casa_graa_tenuta_casa_cima_0001-1024x576-750x421.jpg\" width=\"750\" height=\"421\" title=\"Casa Graa, Superior, Tenuta Casa Cima\" alt=\"Casa Graa, Superior, Tenuta Casa Cima\" srcset=\"https:\/\/tenutacasacima.com\/wp-content\/uploads\/2021\/06\/casa_graa_tenuta_casa_cima_0001-1024x576-750x421.jpg 750w, https:\/\/tenutacasacima.com\/wp-content\/uploads\/2021\/06\/casa_graa_tenuta_casa_cima_0001-300x169.jpg 300w, https:\/\/tenutacasacima.com\/wp-content\/uploads\/2021\/06\/casa_graa_tenuta_casa_cima_0001-1024x576.jpg 1024w, https:\/\/tenutacasacima.com\/wp-content\/uploads\/2021\/06\/casa_graa_tenuta_casa_cima_0001-768x432.jpg 768w, https:\/\/tenutacasacima.com\/wp-content\/uploads\/2021\/06\/casa_graa_tenuta_casa_cima_0001-1024x576-1920x1079.jpg 1920w, https:\/\/tenutacasacima.com\/wp-content\/uploads\/2021\/06\/casa_graa_tenuta_casa_cima_0001.jpg 1250w\" sizes=\"(max-width: 750px) 100vw, 750px\" \/>\n<h3>Preis pro Tag (Mindestaufenthalt 4 Tage)<\/h3> <table style=\"height: 441px;\" width=\"409\"> <tbody> <tr> <td width=\"121\"> <table style=\"height: 320px;\" width=\"681\"> <tbody> <tr> <td width=\"252\">CHF 153.00<\/td> <td width=\"257\">pro Tag, Montag bis Freitag<\/td> <\/tr> <tr> <td>CHF 195.00<\/td> <td>pro Tag, Freitag bis Sonntag<\/td> <\/tr> <tr> <td>CHF 8.00<\/td> <td>Kurtaxe pro Tag<\/td> <\/tr> <tr> <td>CHF 69.00<\/td> <td>Pauschal Administrations-Geb\u00fchr<\/td> <\/tr> <tr> <td>CHF 140.00<\/td> <td>Pauschal Endreinigung<\/td> <\/tr> <tr> <td>\u00a0<\/td> <td>\u00a0<\/td> <\/tr> <tr> <td><strong>Wochenpreis inkl. Endreiniung<\/strong><\/td> <td><strong>CHF 1\u2019462.00<\/strong><\/td> <\/tr> <tr> <td>\u00a0<\/td> <td><strong>EUR 1\u2019624.00<\/strong><\/td> <\/tr> <tr> <td>\u00a0<\/td> <td>\u00a0<\/td> <\/tr> <tr> <td>(CHF 203.00 p\/T)<\/td> <td>\u00a0<\/td> <\/tr> <tr> <td>(EUR 210.00 p\/T)<\/td> <td>\u00a0<\/td> <\/tr> <\/tbody> <\/table> <\/td> <td colspan=\"2\" width=\"166\">\u00a0<\/td> <\/tr> <tr> <td>\u00a0<\/td> <td>\u00a0<\/td> <td>\u00a0<\/td> <\/tr> <\/tbody> <\/table>\n<h3 style=\"font-size: 35px; font-family: Oswald;\">Preis pro Tag (Mindestaufenthalt 4 Tage)<\/h3> <p>CHF 153.00\u00a0 \u00a0 \u00a0 \u00a0 pro Tag, Montag-Freitag<br>CHF 195.00\u00a0 \u00a0 \u00a0 \u00a0 pro Tag, Freitag-Sonntag<br>CHF 8.00\u00a0 \u00a0 \u00a0 \u00a0 \u00a0 \u00a0Kurtaxe pro Tag<br>CHF 69.00\u00a0 \u00a0 \u00a0 \u00a0 \u00a0Pauschal Administrations-Geb\u00fchr<br>CHF 140.00\u00a0 \u00a0 \u00a0 \u00a0Pauschal, Endreinigung<\/p> <p>Wochenpreis inkl. Endreinigung<br><strong>CHF 1'462.00<br>EUR 1'624.00<\/strong><br><br>(CHF 203.00 p\/T)<br>(EUR 210.00 p\/T)<\/p>\n<h2>Deluxe AUSSTATTUNG<\/h2>\n\n<p style=\"text-align: center;\">PREIS<\/p>\n<a href=\"#bellavista-preis\"> <em ><svg xmlns:xlink=\"http:\/\/www.w3.org\/1999\/xlink\" aria-hidden=\"true\"><use href=\"#tf-ti-angle-double-down\" xlink:href=\"#tf-ti-angle-double-down\"><\/use><\/svg><\/em> <\/a>\n<h2>\u00dcber Uns<\/h2>\n<h3>DELUXE AUSSTATTUNG | 4 Personen<\/h3> <p><strong>Deluxe<\/strong> auf der Tenuta Casa Cima bietet ein typisches rustikales Haus im Tessiner Stil im Dorf Gudo-Bellinzona. Von der Talstation unserer Seilbahn erreichen Sie unser Paradies in weniger als 4 Minuten. Rufen Sie uns bei Ankunft an, wir holen Sie an der Talstation ab. Die Tenuta Casa Cima ist von Weinbergen umgeben, die ebenfalls zur Stiftung geh\u00f6ren. Das gesamte Grundst\u00fcck hat eine Gr\u00f6\u00dfe von <strong>80.000m\u00b2<\/strong><strong>. <\/strong>Dank des Mikroklimas wachsen hier Palmen, Kiwis, Zitronen und viele andere Pflanzen und Fr\u00fcchte, die in der Nordschweiz nie wachsen w\u00fcrden. Wir haben unsere Weinberge an die Kellerei Stucky H\u00fcgin verpachtet. Einer der besten Rotweine der Region stammt aus unseren Trauben. <a href=\"https:\/\/cantinestuckyhuegin.ch\/cms\/de\/weine\/rotwein\/23-tracce-di-sassi-rotwein\">\"Tracce di Sassi\"<\/a><\/p> <p><strong>Ganzes Haus<\/strong> (Deluxe) mit 2 Schlafzimmern, einem Doppelbett und einem Zimmer mit 2 romantischen Biedermeierbetten, sowie einer Schlafcouch im Wohnzimmer, Dusche\/Bad\/WC, Wohn-\/Esszimmer (mit Kamin), K\u00fcche, Liegewiese, Parkplatz<strong>. (Das ganze Haus ist mit echten Teppichen und antiken M\u00f6beln ausgestattet. Wir wollen nur G\u00e4ste, die ein solches Ambiente sch\u00e4tzen und pflegen.<\/strong><a href=\"https:\/\/tenutacasacima.com\/de\/unser-haus\/\" target=\"_blank\" rel=\"noopener\"> Jetzt Buchen!<\/a><\/p>\n<img src=\"https:\/\/tenutacasacima.com\/wp-content\/uploads\/2021\/06\/casa_bellavista_tenuta_casa_cima_0006-1-1024x576-750x421.jpg\" width=\"750\" height=\"421\" title=\"Casa Bellavista, Deluxe, Tenuta Casa Cima\" alt=\"Casa Bellavista, Deluxe, Tenuta Casa Cima\" srcset=\"https:\/\/tenutacasacima.com\/wp-content\/uploads\/2021\/06\/casa_bellavista_tenuta_casa_cima_0006-1-1024x576-750x421.jpg 750w, https:\/\/tenutacasacima.com\/wp-content\/uploads\/2021\/06\/casa_bellavista_tenuta_casa_cima_0006-1-300x169.jpg 300w, https:\/\/tenutacasacima.com\/wp-content\/uploads\/2021\/06\/casa_bellavista_tenuta_casa_cima_0006-1-1024x576.jpg 1024w, https:\/\/tenutacasacima.com\/wp-content\/uploads\/2021\/06\/casa_bellavista_tenuta_casa_cima_0006-1-768x432.jpg 768w, https:\/\/tenutacasacima.com\/wp-content\/uploads\/2021\/06\/casa_bellavista_tenuta_casa_cima_0006-1.jpg 1250w\" sizes=\"(max-width: 750px) 100vw, 750px\" \/>\n<h3>Preis pro Tag (Mindestaufenthalt 4 Tage)<\/h3> <table style=\"height: 441px;\" width=\"409\"> <tbody> <tr style=\"font-family: 'Sorts Mill Goudy', serif; font-size: 20px; letter-spacing: normal;\"> <td width=\"121\"> <table style=\"height: 320px;\" width=\"681\"> <tbody> <tr> <td width=\"252\">CHF 193.00<\/td> <td width=\"257\">pro Tag, Montag bis Freitag<\/td> <\/tr> <tr> <td>CHF 270.00<\/td> <td>pro Tag, Freitag bis Sonntag<\/td> <\/tr> <tr> <td>CHF 12.00<\/td> <td>Kurtaxe pro Tag<\/td> <\/tr> <tr> <td>CHF 91.00<\/td> <td>Pauschal Administrations-Geb\u00fchr<\/td> <\/tr> <tr> <td>CHF 190.00<\/td> <td>Pauschal Endreinigung<\/td> <\/tr> <tr> <td>\u00a0<\/td> <td>\u00a0<\/td> <\/tr> <tr> <td><strong>Wochenpreis inkl. Endreiniung<\/strong><\/td> <td><strong>CHF 1\u2019947.00<\/strong><\/td> <\/tr> <tr> <td>\u00a0<\/td> <td><strong>EUR 2'163.00<\/strong><\/td> <\/tr> <tr> <td>\u00a0<\/td> <td>\u00a0<\/td> <\/tr> <tr> <td>(CHF 267.00 p\/T)<\/td> <td>\u00a0<\/td> <\/tr> <tr> <td>(EUR 280.00 p\/T)<\/td> <td>\u00a0<\/td> <\/tr> <\/tbody> <\/table> <\/td> <td colspan=\"2\" width=\"166\">\u00a0<\/td> <\/tr> <\/tbody> <\/table>\n<h3 style=\"font-size: 35px; font-family: Oswald;\">Preis pro Tag (Mindestaufenthalt 4 Tage)<\/h3> <p>CHF 193.00\u00a0 \u00a0 \u00a0 \u00a0pro Tag, Montag-Freitag<br>CHF 270.00\u00a0 \u00a0 \u00a0 pro Tag, Freitag-Sonntag<br>CHF 12.00\u00a0 \u00a0 \u00a0 \u00a0 \u00a0Kurtaxe pro Tag<br>CHF 91.00\u00a0 \u00a0 \u00a0 \u00a0 \u00a0Pauschal Administrations-Geb\u00fchr<br>CHF 190.00\u00a0 \u00a0 \u00a0 \u00a0Pauschal, Endreinigung<\/p> <p>Wochenpreis inkl. Endreinigung<br><strong>CHF 1'947.00<br>EUR 2'163.00<\/strong><br><br>(CHF 267.00 p\/T)<br>(EUR 280.00 p\/T)<\/p>\n<h3 style=\"text-align: left;\">Hausordnung &amp; Infos <br>Tenuta Casa Cima G\u00e4stehaus<\/h3> <p style=\"text-align: left;\">Zur Sicherheit unserer G\u00e4ste und der Immobilien ist unser Gel\u00e4nde 24 Stunden lang video\u00fcberwacht und mit einer Alarmanlage ausgestattet. Da es sich bei der Tenuta Casa Cima um einen Privatbesitz handelt, haben nur die G\u00e4ste und die Eigent\u00fcmer Zugang zum Gel\u00e4nde und zur Seilbahn. Der \u00f6ffentliche Fu\u00dfweg, der durch unser Land f\u00fchrt, ist f\u00fcr alle zug\u00e4nglich.<\/p> <p style=\"text-align: left;\">Mit freundlichen Gr\u00fc\u00dfen, Tenuta Casa Cima<\/p>\n<img src=\"https:\/\/tenutacasacima.com\/wp-content\/uploads\/2024\/05\/private_property_tenuta_casa_cima_information.jpg\" title=\"private_property_tenuta_casa_cima_information\" alt=\"private_property_tenuta_casa_cima_information\" srcset=\"https:\/\/tenutacasacima.com\/wp-content\/uploads\/2024\/05\/private_property_tenuta_casa_cima_information.jpg 1440w, https:\/\/tenutacasacima.com\/wp-content\/uploads\/2024\/05\/private_property_tenuta_casa_cima_information-300x225.jpg 300w, https:\/\/tenutacasacima.com\/wp-content\/uploads\/2024\/05\/private_property_tenuta_casa_cima_information-1024x768.jpg 1024w, https:\/\/tenutacasacima.com\/wp-content\/uploads\/2024\/05\/private_property_tenuta_casa_cima_information-768x576.jpg 768w\" sizes=\"(max-width: 1440px) 100vw, 1440px\" \/>\n<h4>Bettw\u00e4sche<\/h4> <p>1 Woche Aufenthalt, keine Ver\u00e4nderung<br>2 Wochen Aufenthalt, Betten werden am Samstag frisch gemacht<\/p>\n<h4>Kaffeemaschine<\/h4> <p>In unseren Unterk\u00fcnften finden Sie eine Kaffeemaschine, die mit Nespresso-kompatiblen Kaffeekapseln verwendet werden kann. Sie k\u00f6nnen zum Beispiel Kaffeemarken wie Cafe Royal von Migros, L'or Kaffee von Coop oder Bellarom von Lidl verwenden. F\u00fcr Ihren ersten Tag stellen wir Ihnen ein paar Kaffee-Kapseln sowie Zuckerportionen zur Verf\u00fcgung.<\/p>\n<h4>Lebensmittel in der K\u00fcche<\/h4> <p>F\u00fcr den ersten Tag stellen wir \u00d6l, Essig, Salz und Pfeffer bereit. Danach sind die G\u00e4ste selbst f\u00fcr den Kauf verantwortlich.<\/p>\n<h4>Kostenloses Wifi<\/h4> <p>Den Wifi-Code erhalten Sie beim Checkin. Von Zeit zu Zeit ist das Signal schwach, wir arbeiten an der Verbesserung des Netzes. Vielen Dank f\u00fcr Ihr Verst\u00e4ndnis. Sie haben eine 3-5G-Verbindung.<\/p>\n<h4>Brennholz<\/h4> <p>Kaminholz f\u00fcr den Kamin oder auch f\u00fcr den Grill finden Sie im hinteren Bereich bei der Waschk\u00fcche, beim Checkin wird Ihnen gezeigt, wo Sie sich bedienen k\u00f6nnen.<\/p>\n<h4>G\u00e4stekarte<\/h4> <p>Verg\u00fcnstigungen und Vorteile in und um Bellinzona. Beim Einchecken erhalten Sie eine <a href=\"https:\/\/www.bellinzonaevalli.ch\/en\/guestcard.html\" target=\"_blank\" rel=\"noopener\">G\u00e4stekarte<\/a>, die f\u00fcr die ganze Familie oder Ihre Freunde gilt. Siehe unseren <a href=\"https:\/\/tenutacasacima.com\/attractions\/tourist-guide\/\">Reisef\u00fchrer<\/a><\/p>\n<h4>W\u00e4schereiservice<\/h4> <p>Nur auf Wunsch. Selbstbedienung. Wir \u00f6ffnen den Waschraum f\u00fcr Sie. Wir berechnen <strong>Fr. 20.00<\/strong> pro Waschtag. Darin enthalten sind: Wasser, Strom, Waschmittel und Infrastruktur. Bitte besprechen Sie alles mit unserer Mitarbeiterin vor Ort. Bezahlung bar vor Ort. Vielen Dank.<\/p>\n<h4>Parkpl\u00e4tze<\/h4> <p>Es gibt zwei Parkpl\u00e4tze direkt neben der Seilbahn, einen hinter dem Seilbahnhaus und einen unter der Pergola. Wir haben auch Parkpl\u00e4tze oben bei den Weinbergen. Von dort aus erreichen Sie unser Haus zu Fu\u00df in etwa 8 Minuten. <a href=\"https:\/\/tenutacasacima.com\/cable-car-important-infos\/\" target=\"_blank\" rel=\"noopener\">Hier lesen<\/a><\/p>\n<h4>Pool<\/h4> <p>Der Pool ist mit frischem Bachwasser gef\u00fcllt, er muss mit allen G\u00e4sten geteilt werden. Sie erhalten auf Wunsch ein Badetuch pro Person.<\/p> <p><strong>Wir bitten Sie nie das Bachwasser, welches mit dem Schlauch in den Pool l\u00e4uft, abzustellen.<\/strong> Wir bitten Sie auch nie, die Filter-Pumpe abzustellen. Wenn das Wasser nicht l\u00e4uft, tr\u00fcbt und verf\u00e4rbt sich der Pool und bildet Algen. Daf\u00fcr k\u00f6nnen wir nicht haftbar gemacht werden. Es ist schon mehrmals vorgekommen, dass jemand das Wasser abgedreht hat und der Pool sich dunkel verf\u00e4rbt hat. Der Pool steht inmitten der Natur. Im Sommer setzen sich oft viele Gr\u00e4ser-Bl\u00fcten, Bl\u00e4tter und andere Materialen durch die Luft ab. Den Poolroboter bitte nie am Kabel herausziehen. Vielen Dank f\u00fcr Ihr Verst\u00e4ndnis.<\/p> <p>Liegest\u00fchle am Pool.\u00a0Wir bitten unsere G\u00e4ste die Liegest\u00fchle am Pool nicht mit an den Bach zu nehmen. Vielen Dank.<\/p>\n<h4>Bach und Wasserfall<\/h4> <p>Hier k\u00f6nnen Sie sich im frischen Bachwasser erfrischen und den ganzen Weg zur\u00fcck zum Wasserfall laufen. Der Bach ist \u00f6ffentlich und geh\u00f6rt der Gemeinde. Der Bach flie\u00dft durch unser Land. Leider wurde ein Gro\u00dfteil der Natur durch den Sturm und die \u00dcberschwemmungen im Jahr 2020 zerst\u00f6rt, und alle Wasserbecken sind mit Schutt gef\u00fcllt. Die Gemeinde Gudo hat beschlossen, es nicht zu restaurieren. Eine solche Katastrophe hat es noch nie gegeben. Wir hoffen, dass wir einen gro\u00dfen Teil der nat\u00fcrlichen Becken aus eigener Kraft wiederherstellen k\u00f6nnen, aber das wird Zeit brauchen. Vielen Dank f\u00fcr Ihr Verst\u00e4ndnis.<\/p>\n<h4>Papierservietten<\/h4> <p>Wir stellen Ihnen Papierservietten zur Verf\u00fcgung. Bei hohem Verbrauch, bitten wir unsere G\u00e4ste mehr servietten einzukaufen.<\/p>\n<a href=\"#\" data-type=\"facebook\"> <em><svg aria-label=\"Facebook\" xmlns:xlink=\"http:\/\/www.w3.org\/1999\/xlink\" role=\"img\"><use href=\"#tf-ti-facebook\" xlink:href=\"#tf-ti-facebook\"><\/use><\/svg><\/em> <\/a> <a href=\"#\" data-type=\"twitter\"> <em><svg aria-label=\"Twitter\" xmlns:xlink=\"http:\/\/www.w3.org\/1999\/xlink\" role=\"img\"><use href=\"#tf-fab-x-twitter\" xlink:href=\"#tf-fab-x-twitter\"><\/use><\/svg><\/em> <\/a> <a href=\"#\" data-type=\"linkedin\"> <em><svg aria-label=\"Linkedin\" xmlns:xlink=\"http:\/\/www.w3.org\/1999\/xlink\" role=\"img\"><use href=\"#tf-ti-linkedin\" xlink:href=\"#tf-ti-linkedin\"><\/use><\/svg><\/em> <\/a> <a href=\"#\" data-type=\"pinterest\"> <em><svg aria-label=\"Pinterest\" xmlns:xlink=\"http:\/\/www.w3.org\/1999\/xlink\" role=\"img\"><use href=\"#tf-ti-pinterest\" xlink:href=\"#tf-ti-pinterest\"><\/use><\/svg><\/em> <\/a> <a href=\"#\" data-type=\"email\"> <em><svg aria-label=\"Email\" xmlns:xlink=\"http:\/\/www.w3.org\/1999\/xlink\" role=\"img\"><use href=\"#tf-ti-email\" xlink:href=\"#tf-ti-email\"><\/use><\/svg><\/em> <\/a>\n<h4>AKTUELLE SEILBAHN INFO<\/h4> <p><a href=\"https:\/\/tenutacasacima.com\/de\/seilbahn-wichtige-infos\/\" target=\"_blank\" rel=\"noopener\">25.08.2022 \/ Lesen Sie mehr<\/a><br><br>Die Seilbahn ist privat und steht nur der Stiftung, der Tenuta Casa Cima und den G\u00e4sten zur Verf\u00fcgung. <strong>(Hinweis zur Bedienung).<\/strong> Sie erhalten pro Haus einen Schl\u00fcssel f\u00fcr die Seilbahn. Unser Personal erkl\u00e4rt Ihnen, wie Sie die Seilbahn benutzen k\u00f6nnen. Drehen Sie den Seilbahnschl\u00fcssel nach rechts-nur bis zum Anschlag! Den Schl\u00fcssel nie ganz durchdrehen, sonst geht das Schloss kaputt. Erst wenn der Motor gestartet ist, dr\u00fccken Sie den gr\u00fcnen GO-Knopf, Sie h\u00f6ren einen Piepton, dann steigen Sie in die Seilbahn ein. <strong>Bitte!!!<\/strong> Dr\u00fccken Sie keine andere Taste, insbesondere nicht die rote Stopptaste, diese ist nur f\u00fcr Notf\u00e4lle gedacht. (Bitte beachten Sie diese Regeln an der Talstation und an der Endstation. <strong>Die Kabinent\u00fcr muss beim Verlassen der Gondel immer geschlossen sein.<\/strong><\/p> <p><strong>\"Lassen Sie Kinder nie alleine mit der Seilbahn fahren, es muss immer jemand dabei sein, der wei\u00df, wie die Seilbahn funktioniert, in der Vergangenheit sind einige Fehler passiert, das ist immer mit Kosten verbunden. Wir danken Ihnen f\u00fcr Ihr Verst\u00e4ndnis.\"<\/strong><\/p>\n<h4><strong>Checkin\/Checkout<\/strong><\/h4> <p><strong>2024: Wir haben Check-in-Zeiten nach Vereinbarung. Die Check-in-Zeit teilen wir Ihnen nach Absprache mit unseren Mitarbeitern mit.<br><br>Das Check-Out: Selbst-Checkout bis 10 Uhr. Wir informieren Sie beim Check-In \u00fcber das Vorgehen.<\/strong><\/p>\n<h4>Geschirr\/K\u00fcchenger\u00e4te<\/h4> <p>Es steht Ihnen eine komplette K\u00fcchenausstattung zur Verf\u00fcgung inkl. Geschirr, Geschirrhandt\u00fccher etc. <strong>Wir\u00a0m\u00f6chten Sie bitten,\u00a0daf\u00fcr Sorge zu tragen.<\/strong><\/p>\n<h4>Grill\/BBQ<\/h4> <p>F\u00fcr jedes Haus gibt es einen eigenen Grill. W\u00e4hrend Ihres Aufenthalts sind unsere G\u00e4ste f\u00fcr die Reinigung des Grills selbst verantwortlich.<\/p> <p><strong data-start=\"102\" data-end=\"169\">Grillen ist ausschliesslich auf dem Areal der H\u00e4user gestattet.<\/strong><br data-start=\"169\" data-end=\"172\">\ud83d\udd25 <strong data-start=\"175\" data-end=\"263\">Beim Pool ist das Grillen streng verboten \u2013 Brandgefahr in der umliegenden Natur!<\/strong> \ud83d\udeab<\/p> <p><strong>Wir bitten Sie, das Grillmaterial (Kohle, Anz\u00fcndhilfe) selbst zu besorgen, vielen Dank. Wir haben Feuerholz, Streichh\u00f6lzer und Zeitungspapier.<\/strong><\/p>\n<h4>Handt\u00fccher und Badet\u00fccher<\/h4> <p>Wir stellen Ihnen Hand- und Badet\u00fccher zur Verf\u00fcgung. Pro Gast erhalten Sie sowohl ein grosses als auch ein kleines Handtuch. Zus\u00e4tzlich steht Ihnen ein Badetuch f\u00fcr den Pool oder den Bach zur Verf\u00fcgung. Falls Ihr Aufenthalt 14 Tage oder l\u00e4nger dauert, werden die Handt\u00fccher nach der ersten Woche ausgewechselt, um Ihren Komfort sicherzustellen.<\/p>\n<h4>Zwischenreinigung<\/h4> <p>Bei einem Aufenthalt von 14 Tagen oder mehr berechnen wir eine Zwischenreinigung, die am Samstag nach der ersten Woche stattfindet. Das Haus wird gereinigt und die Bettw\u00e4sche gewechselt.<\/p>\n<h4>Haustiere<\/h4> <p>Haustiere sind bei uns erlaubt. F\u00fcr Hunde. Bitte achten Sie darauf, die M\u00f6bel nicht zu zerkratzen oder zu zerrei\u00dfen. Das ist schon ein paar Mal passiert. Besonders in der Casa Bellavista haben wir viele antike M\u00f6bel, die zur Stiftung geh\u00f6ren. Es ist uns sehr wichtig, dass nichts kaputt geht. Falls etwas passieren sollte, informieren Sie uns bitte. Ich danke Ihnen vielmals.<\/p>\n<h4>Toilettenpapier<\/h4> <p>Wir stellen Ihnen gen\u00fcgend Toilettenpapier<strong> (6 Rollen pro Woche pro Haus)<\/strong> zur Verf\u00fcgung. Falls Sie mehr Toilettenpapier ben\u00f6tigen, bitten wir Sie, dieses einzukaufen. F\u00fcr G\u00e4ste, die 14 Tage oder l\u00e4nger bleiben, erhalten Sie nat\u00fcrlich f\u00fcr die Zusatzwoche nochmals Toilettenpapier.<\/p>\n<h4>Abfall<\/h4> <p>Auf der Tenuta Casa Cima gelten neue Abfallbestimmungen. Wir bitten unsere G\u00e4ste, ihre Abf\u00e4lle bei der Abfallentsorgungsstelle \"Via all Chiesa\" in Gudo zu entsorgen. Der GPS-Link ist ebenfalls auf der Website zu finden. <a href=\"https:\/\/tenutacasacima.com\/de\/abfallmanagement\/\" target=\"_blank\" rel=\"noopener\">Abfallentsorgung<\/a><\/p>\n<h4>Holzzaun zur Seilbahn<\/h4> <p>Liebe G\u00e4ste. Wenn Sie das Grundst\u00fcck verlassen, schlie\u00dfen Sie bitte den gro\u00dfen Holzgartenzaun zur Seilbahn, das Grundst\u00fcck ist privat, Fremde haben keinen Zutritt. Ich danke Ihnen f\u00fcr Ihre Mitarbeit.<\/p>\n<h3>Haben Sie Fragen?<\/h3> Wir sind f\u00fcr Sie da <a href=\"https:\/\/tenutacasacima.com\/contact\"> Kontakt <\/a>","_links":{"self":[{"href":"https:\/\/tenutacasacima.com\/de\/wp-json\/wp\/v2\/pages\/1192","targetHints":{"allow":["GET"]}}],"collection":[{"href":"https:\/\/tenutacasacima.com\/de\/wp-json\/wp\/v2\/pages"}],"about":[{"href":"https:\/\/tenutacasacima.com\/de\/wp-json\/wp\/v2\/types\/page"}],"author":[{"embeddable":true,"href":"https:\/\/tenutacasacima.com\/de\/wp-json\/wp\/v2\/users\/1"}],"replies":[{"embeddable":true,"href":"https:\/\/tenutacasacima.com\/de\/wp-json\/wp\/v2\/comments?post=1192"}],"version-history":[{"count":6,"href":"https:\/\/tenutacasacima.com\/de\/wp-json\/wp\/v2\/pages\/1192\/revisions"}],"predecessor-version":[{"id":4835,"href":"https:\/\/tenutacasacima.com\/de\/wp-json\/wp\/v2\/pages\/1192\/revisions\/4835"}],"up":[{"embeddable":true,"href":"https:\/\/tenutacasacima.com\/de\/wp-json\/wp\/v2\/pages\/636"}],"wp:attachment":[{"href":"https:\/\/tenutacasacima.com\/de\/wp-json\/wp\/v2\/media?parent=1192"}],"curies":[{"name":"wp","href":"https:\/\/api.w.org\/{rel}","templated":true}]}}